{"id":29,"date":"2023-08-10T13:19:31","date_gmt":"2023-08-10T11:19:31","guid":{"rendered":"https:\/\/swisshrmed.ch\/?page_id=29"},"modified":"2023-09-29T20:33:03","modified_gmt":"2023-09-29T18:33:03","slug":"concept-linguistique","status":"publish","type":"page","link":"https:\/\/swisshrmed.ch\/fr\/sprachkonzept\/","title":{"rendered":"Concept linguistique"},"content":{"rendered":"<section class=\"bde-section-29-100 bde-section\">\n  \n  \n\t\n\n\n\n<div class=\"section-container\"><div class=\"bde-div-29-101 bde-div\">\n              \n  \n  \n\t\n\n  <div class=\"section-background-overlay\"><\/div>\n\n\n<a class=\"bde-container-link-29-102 bde-container-link breakdance-link\" href=\"#\" target=\"_self\">\n  \n  \n\t\n\n\n\n<div class=\"bde-text-29-103 bde-text\">\nServices<br>\n<\/div>\n\n<\/a><h1 class=\"bde-heading-29-104 bde-heading\">\nConcept linguistique\n<\/h1>\n<\/div><\/div>\n<\/section><section class=\"bde-section-29-105 bde-section\">\n  \n  \n\t\n\n\n\n<div class=\"section-container\"><div class=\"bde-breadcrumbs-29-106 bde-breadcrumbs\"><nav aria-label=\"breadcrumbs\" class=\"rank-math-breadcrumb\"><p><span class=\"last\">Accueil<\/span><\/p><\/nav><\/div><div class=\"bde-columns-29-107 bde-columns\"><div class=\"bde-column-29-108 bde-column\">\n  \n  \n\t\n\n\n\n<h2 class=\"bde-heading-29-109 bde-heading\">\nLe concept linguistique Lingua assure le recrutement continu, \u00e0 moyen et long terme, de personnel m\u00e9dical hautement qualifi\u00e9.\n<\/h2><div class=\"bde-text-29-110 bde-text\">\nLe concept linguistique Lingua de Swiss HRmed est la solution \u00e0 long terme \u00e0 votre probl\u00e8me de personnel. Gr\u00e2ce \u00e0 notre exp\u00e9rience de longue date dans le recrutement et le placement de personnel m\u00e9dical sp\u00e9cialis\u00e9 hautement qualifi\u00e9, majoritairement en provenance de l'\u00e9tranger, nous vous aidons de mani\u00e8re innovante \u00e0 stabiliser votre planification du personnel, \u00e0 promouvoir la satisfaction de vos employ\u00e9s et \u00e0 garantir la qualit\u00e9 de vos soins.<br><br>De plus, le concept linguistique Lingua de Swiss HRmed permet de r\u00e9duire les co\u00fbts de recrutement, car il garantit des investissements supportables et planifiables, de sorte que les collaborateurs loyaux ainsi recrut\u00e9s travailleront et resteront longtemps dans votre organisation.<br>\n<\/div><h3 class=\"bde-heading-29-111 bde-heading\">\nComment nous recrutons et agissons\n<\/h3><div class=\"bde-div-29-112 bde-div\">\n  \n  \n\t\n\n\n\n<div class=\"bde-div-29-113 bde-div\">\n  \n  \n\t\n\n\n\n<div class=\"bde-div-29-114 bde-div\">\n  \n  \n\t\n\n\n\n<div class=\"bde-div-29-115 bde-div\">\n  \n  \n\t\n\n\n\n<h1 class=\"bde-heading-29-116 bde-heading\">\n1\n<\/h1>\n<\/div>\n<\/div><div class=\"bde-div-29-117 bde-div\">\n  \n  \n\t\n\n\n\n<h4 class=\"bde-heading-29-118 bde-heading\">\nRecrutement\n<\/h4><div class=\"bde-text-29-119 bde-text\">\nApr\u00e8s une premi\u00e8re s\u00e9lection par nos agences partenaires, nous prenons personnellement contact avec les candidats et discutons de leurs pr\u00e9occupations individuelles, de leurs souhaits et des conditions g\u00e9n\u00e9rales pour le concept linguistique. En cas d'int\u00e9r\u00eat mutuel, les candidats sont invit\u00e9s \u00e0 participer au voyage d'information dans votre organisation. \n<\/div>\n<\/div>\n<\/div><div class=\"bde-div-29-120 bde-div\">\n  \n  \n\t\n\n\n\n<div class=\"bde-div-29-121 bde-div\">\n  \n  \n\t\n\n\n\n<div class=\"bde-div-29-122 bde-div\">\n  \n  \n\t\n\n\n\n<h1 class=\"bde-heading-29-123 bde-heading\">\n2\n<\/h1>\n<\/div>\n<\/div><div class=\"bde-div-29-124 bde-div\">\n  \n  \n\t\n\n\n\n<h4 class=\"bde-heading-29-125 bde-heading\">\nInfo-Trip dans votre organisation\n<\/h4><div class=\"bde-text-29-126 bde-text\">\nL'infotrip permet de faire mutuellement connaissance. Les candidats se font une bonne id\u00e9e de leur \u00e9ventuel nouveau poste, ce qui augmente consid\u00e9rablement leur motivation \u00e0 faire partie de votre \u00e9quipe. De plus, en tant qu'entreprise, vous aurez une bonne premi\u00e8re impression des candidats, en plus des entretiens d'embauche qui auront \u00e9galement lieu pendant ce programme d'une journ\u00e9e.\n<\/div>\n<\/div>\n<\/div><div class=\"bde-div-29-127 bde-div\">\n  \n  \n\t\n\n\n\n<div class=\"bde-div-29-128 bde-div\">\n  \n  \n\t\n\n\n\n<div class=\"bde-div-29-129 bde-div\">\n  \n  \n\t\n\n\n\n<h1 class=\"bde-heading-29-130 bde-heading\">\n3\n<\/h1>\n<\/div>\n<\/div><div class=\"bde-div-29-131 bde-div\">\n  \n  \n\t\n\n\n\n<h4 class=\"bde-heading-29-132 bde-heading\">\nFormation linguistique en Allemagne\n<\/h4><div class=\"bde-text-29-133 bde-text\">\nApr\u00e8s accord mutuel et formalit\u00e9s contractuelles, les candidats suivront un cours de langue en Allemagne. Ici, l'encadrement et les progr\u00e8s sont organis\u00e9s par un partenaire de confiance en Suisse, auquel vous restez \u00e9troitement associ\u00e9 en tant qu'entreprise. L'examen linguistique est sanctionn\u00e9 par un certificat d'allemand B2 reconnu, qui est \u00e9galement requis pour la reconnaissance de la CRS et la reconnaissance MEBEKO.\n<\/div>\n<\/div>\n<\/div><div class=\"bde-div-29-134 bde-div\">\n  \n  \n\t\n\n\n\n<div class=\"bde-div-29-135 bde-div\">\n  \n  \n\t\n\n\n\n<div class=\"bde-div-29-136 bde-div\">\n  \n  \n\t\n\n\n\n<h1 class=\"bde-heading-29-137 bde-heading\">\n4\n<\/h1>\n<\/div>\n<\/div><div class=\"bde-div-29-138 bde-div\">\n  \n  \n\t\n\n\n\n<h4 class=\"bde-heading-29-139 bde-heading\">\nD\u00e9but du travail\n<\/h4><div class=\"bde-text-29-140 bde-text\">\nLes candidats sont pr\u00eats \u00e0 l'emploi ! Outre des comp\u00e9tences professionnelles qualitatives, vos nouveaux collaborateurs disposent d\u00e9sormais de suffisamment de connaissances en allemand pour commencer une collaboration attrayante. Cela profite \u00e0 l'initiation et \u00e0 l'acclimatation, maintient la qualit\u00e9 du travail dans votre entreprise et stabilise votre planification du personnel \u00e0 long terme.<br>\n<\/div>\n<\/div>\n<\/div>\n<\/div>\n<\/div><div class=\"bde-column-29-141 bde-column\">\n  \n  \n\t\n\n\n\n<div class=\"bde-globalblock-29-142 bde-globalblock\"><div class=\"bde-div-590-100-590-1 bde-div bde-div-590-100\">\n  \n  \n\t\n\n\n\n<div class=\"bde-image-590-101-590-1 bde-image bde-image-590-101\">\n<figure class=\"breakdance-image breakdance-image--1520\">\n\t<div class=\"breakdance-image-container\">\n\t\t<div class=\"breakdance-image-clip\"><img loading=\"lazy\" decoding=\"async\" class=\"breakdance-image-object\" src=\"https:\/\/swisshrmed.ch\/wp-content\/uploads\/IMG_9114-Large-768x1024.webp\" width=\"768\" height=\"1024\" srcset=\"https:\/\/swisshrmed.ch\/wp-content\/uploads\/IMG_9114-Large.webp 960w, https:\/\/swisshrmed.ch\/wp-content\/uploads\/IMG_9114-Large-225x300.webp 225w, https:\/\/swisshrmed.ch\/wp-content\/uploads\/IMG_9114-Large-768x1024.webp 768w, https:\/\/swisshrmed.ch\/wp-content\/uploads\/IMG_9114-Large-9x12.webp 9w\" sizes=\"auto, (max-width: 960px) 100vw, 960px\"><\/div>\n\t<\/div><\/figure>\n\n<\/div><div class=\"bde-div-590-102-590-1 bde-div bde-div-590-102\">\n  \n  \n\t\n\n\n\n<h5 class=\"bde-heading-590-103-590-1 bde-heading bde-heading-590-103\">\nFaites connaissance avec Brigit\n<\/h5><div class=\"bde-text-590-104-590-1 bde-text bde-text-590-104\">\nMa longue exp\u00e9rience et ma carri\u00e8re dans le secteur de la sant\u00e9, tant en Suisse qu'\u00e0 l'\u00e9tranger, me permettent d'offrir un soutien pour tous les besoins en recrutement dans le secteur de la sant\u00e9, de mani\u00e8re personnalis\u00e9e et durable.\n<\/div><div class=\"bde-button-590-105-590-1 bde-button bde-button-590-105\">\n    \n                                    \n    \n    \n    \n    \n            \n                    \n            \n            \n\n    \n    \n    \n    \n    \n    <a class=\"breakdance-link button-atom button-atom--primary bde-button__button\" href=\"\/fr\/contact\/\" target=\"_self\" data-type=\"url\"  >\n\n    \n        <span class=\"button-atom__text\">Contacter Brigit<\/span>\n\n        \n        \n                <\/a>\n\n    \n\n\n<\/div>\n<\/div>\n<\/div><\/div>\n<\/div><\/div><\/div>\n<\/section><section class=\"bde-section-29-143 bde-section\">\n  \n  \n\t\n\n\n\n<div class=\"section-container\"><div class=\"bde-columns-29-144 bde-columns\"><div class=\"bde-column-29-145 bde-column\">\n  \n  \n\t\n\n\n\n<h3 class=\"bde-heading-29-146 bde-heading\">\nUne plus grande stabilit\u00e9 de la base de personnel\n<\/h3><div class=\"bde-text-29-147 bde-text\">\nAvec le concept linguistique Lingua, vous obtenez une stabilit\u00e9 du personnel \u00e0 moyen et long terme, avec une fluctuation r\u00e9duite et des collaborateurs plus satisfaits gr\u00e2ce \u00e0 des \u00e9quipes compl\u00e8tes et stables. De plus, le concept linguistique assure une croissance continue, planifiable et \u00e0 long terme du personnel.\n<\/div>\n<\/div><div class=\"bde-column-29-148 bde-column\">\n  \n  \n\t\n\n\n\n<h3 class=\"bde-heading-29-149 bde-heading\">\nMeilleure qualit\u00e9 de traitement\n<\/h3><div class=\"bde-text-29-150 bde-text\">\nUne base de personnel stable garantit et augmente la qualit\u00e9 de traitement de votre organisation. Le concept linguistique Lingua veille \u00e0 ce que les collaborateurs loyaux restent plus longtemps chez vous, de sorte que le savoir-faire ne se perde pas et que le traitement soit garanti par un personnel sp\u00e9cialis\u00e9 hautement qualifi\u00e9. Ce qui se traduit directement par une plus grande satisfaction des clients.\n<\/div>\n<\/div><\/div><\/div>\n<\/section><section class=\"bde-section-29-151 bde-section\">\n  \n  \n\t\n\n\n\n<div class=\"section-container\"><a class=\"bde-container-link-29-152 bde-container-link breakdance-link\" href=\"#\" target=\"_self\">\n  \n  \n\t\n\n\n\n<div class=\"bde-text-29-153 bde-text\">\nHistoires\n<\/div>\n\n<\/a><h2 class=\"bde-heading-29-154 bde-heading\">\nCe que les clients et les professionnels disent de nous\n<\/h2><div class=\"bde-post-loop-29-155 bde-post-loop\"><div class=\"bde-loop bde-loop-grid ee-posts ee-posts-grid\">    <article class=\"bde-loop-item ee-post\">\n        <div class=\"bde-div-136-100-2390-136-1 bde-div bde-div-136-100\">\n  \n  \n\t\n\n\n\n<div class=\"bde-div-136-115-2390-136-1 bde-div bde-div-136-115\">\n  \n  \n\t\n\n\n\n<div class=\"bde-div-136-114-2390-136-1 bde-div bde-div-136-114\">\n  \n  \n\t\n\n\n\n<div class=\"bde-code-block-136-101-2390-136-1 bde-code-block bde-code-block-136-101\">\n\n  <div class=\"star-container\"><img decoding=\"async\" src=\"https:\/\/swisshrmed.ch\/wp-content\/uploads\/star-solid-yellow.svg\" alt=\"star-full\"><img decoding=\"async\" src=\"https:\/\/swisshrmed.ch\/wp-content\/uploads\/star-solid-yellow.svg\" alt=\"star-full\"><img decoding=\"async\" src=\"https:\/\/swisshrmed.ch\/wp-content\/uploads\/star-solid-yellow.svg\" alt=\"star-full\"><img decoding=\"async\" src=\"https:\/\/swisshrmed.ch\/wp-content\/uploads\/star-solid-yellow.svg\" alt=\"star-full\"><img decoding=\"async\" src=\"https:\/\/swisshrmed.ch\/wp-content\/uploads\/star-solid-yellow.svg\" alt=\"star-full\"><\/div>\n\n\n<\/div><a class=\"bde-container-link-136-103-2390-136-1 bde-container-link bde-container-link-136-103 breakdance-link\" href=\"#\" target=\"_self\">\n  \n  \n\t\n\n\n\n<div class=\"bde-text-136-104-2390-136-1 bde-text bde-text-136-104\">\nSp\u00e9cialiste\n<\/div>\n\n<\/a><div class=\"bde-text-136-105-2390-136-1 bde-text bde-text-136-105\">\n<p>Brigit de Swiss HRmed a trouv\u00e9 l'h\u00f4pital id\u00e9al en ciblant pr\u00e9cis\u00e9ment mes besoins, et cela a parfaitement fonctionn\u00e9 d\u00e8s le premier essai !<\/p>\n\n<\/div>\n<\/div><div class=\"bde-div-136-106-2390-136-1 bde-div bde-div-136-106\">\n  \n  \n\t\n\n\n\n<div class=\"bde-div-136-110-2390-136-1 bde-div bde-div-136-110\">\n  \n  \n\t\n\n\n\n<div class=\"bde-text-136-107-2390-136-1 bde-text bde-text-136-107\">\n\n<\/div><h6 class=\"bde-heading-136-112-2390-136-1 bde-heading bde-heading-136-112\">\nNicole\n<\/h6><div class=\"bde-text-136-113-2390-136-1 bde-text bde-text-136-113\">\nTechnicienne en radiologie dipl\u00f4m\u00e9e\n<\/div>\n<\/div><div class=\"bde-div-136-111-2390-136-1 bde-div bde-div-136-111\">\n  \n  \n\t\n\n\n\n<div class=\"bde-image-136-109-2390-136-1 bde-image bde-image-136-109\">\n<figure class=\"breakdance-image breakdance-image--2382\">\n\t<div class=\"breakdance-image-container\">\n\t\t<div class=\"breakdance-image-clip\"><img loading=\"lazy\" decoding=\"async\" class=\"breakdance-image-object\" src=\"https:\/\/swisshrmed.ch\/wp-content\/uploads\/Interview-SwissHR-med-Nicole-2-150x150.jpeg\" width=\"150\" height=\"150\" srcset=\"https:\/\/swisshrmed.ch\/wp-content\/uploads\/Interview-SwissHR-med-Nicole-2.jpeg 1205w, https:\/\/swisshrmed.ch\/wp-content\/uploads\/Interview-SwissHR-med-Nicole-2-200x300.jpeg 200w, https:\/\/swisshrmed.ch\/wp-content\/uploads\/Interview-SwissHR-med-Nicole-2-683x1024.jpeg 683w, https:\/\/swisshrmed.ch\/wp-content\/uploads\/Interview-SwissHR-med-Nicole-2-768x1152.jpeg 768w, https:\/\/swisshrmed.ch\/wp-content\/uploads\/Interview-SwissHR-med-Nicole-2-1024x1536.jpeg 1024w, https:\/\/swisshrmed.ch\/wp-content\/uploads\/Interview-SwissHR-med-Nicole-2-8x12.jpeg 8w\" sizes=\"auto, (max-width: 1205px) 100vw, 1205px\" alt=\"profil image\"><\/div>\n\t<\/div><\/figure>\n\n<\/div>\n<\/div>\n<\/div>\n<\/div>\n<\/div>    <\/article>\n    <article class=\"bde-loop-item ee-post\">\n        <div class=\"bde-div-136-100-2241-136-1 bde-div bde-div-136-100\">\n  \n  \n\t\n\n\n\n<div class=\"bde-div-136-115-2241-136-1 bde-div bde-div-136-115\">\n  \n  \n\t\n\n\n\n<div class=\"bde-div-136-114-2241-136-1 bde-div bde-div-136-114\">\n  \n  \n\t\n\n\n\n<div class=\"bde-code-block-136-101-2241-136-1 bde-code-block bde-code-block-136-101\">\n\n  <div class=\"star-container\"><img decoding=\"async\" src=\"https:\/\/swisshrmed.ch\/wp-content\/uploads\/star-solid-yellow.svg\" alt=\"star-full\"><img decoding=\"async\" src=\"https:\/\/swisshrmed.ch\/wp-content\/uploads\/star-solid-yellow.svg\" alt=\"star-full\"><img decoding=\"async\" src=\"https:\/\/swisshrmed.ch\/wp-content\/uploads\/star-solid-yellow.svg\" alt=\"star-full\"><img decoding=\"async\" src=\"https:\/\/swisshrmed.ch\/wp-content\/uploads\/star-solid-yellow.svg\" alt=\"star-full\"><img decoding=\"async\" src=\"https:\/\/swisshrmed.ch\/wp-content\/uploads\/star-solid-yellow.svg\" alt=\"star-full\"><\/div>\n\n\n<\/div><a class=\"bde-container-link-136-103-2241-136-1 bde-container-link bde-container-link-136-103 breakdance-link\" href=\"#\" target=\"_self\">\n  \n  \n\t\n\n\n\n<div class=\"bde-text-136-104-2241-136-1 bde-text bde-text-136-104\">\nSp\u00e9cialiste\n<\/div>\n\n<\/a><div class=\"bde-text-136-105-2241-136-1 bde-text bde-text-136-105\">\n<p>Je tiens \u00e0 remercier Swiss HRmed pour l'excellente collaboration. Votre patience, votre motivation et votre humanit\u00e9 m'ont \u00e9t\u00e9 d'un grand soutien.<\/p>\n\n<\/div>\n<\/div><div class=\"bde-div-136-106-2241-136-1 bde-div bde-div-136-106\">\n  \n  \n\t\n\n\n\n<div class=\"bde-div-136-110-2241-136-1 bde-div bde-div-136-110\">\n  \n  \n\t\n\n\n\n<div class=\"bde-text-136-107-2241-136-1 bde-text bde-text-136-107\">\n\n<\/div><h6 class=\"bde-heading-136-112-2241-136-1 bde-heading bde-heading-136-112\">\nEric\n<\/h6><div class=\"bde-text-136-113-2241-136-1 bde-text bde-text-136-113\">\nSp\u00e9cialiste en radiologie\n<\/div>\n<\/div><div class=\"bde-div-136-111-2241-136-1 bde-div bde-div-136-111\">\n  \n  \n\t\n\n\n\n<div class=\"bde-image-136-109-2241-136-1 bde-image bde-image-136-109\">\n<figure class=\"breakdance-image breakdance-image--2242\">\n\t<div class=\"breakdance-image-container\">\n\t\t<div class=\"breakdance-image-clip\"><img loading=\"lazy\" decoding=\"async\" class=\"breakdance-image-object\" src=\"https:\/\/swisshrmed.ch\/wp-content\/uploads\/2025_10_14_Kee_Portraitbild-Eric-LINONGI-1994-150x150.jpg\" width=\"150\" height=\"150\" srcset=\"https:\/\/swisshrmed.ch\/wp-content\/uploads\/2025_10_14_Kee_Portraitbild-Eric-LINONGI-1994.jpg 928w, https:\/\/swisshrmed.ch\/wp-content\/uploads\/2025_10_14_Kee_Portraitbild-Eric-LINONGI-1994-174x300.jpg 174w, https:\/\/swisshrmed.ch\/wp-content\/uploads\/2025_10_14_Kee_Portraitbild-Eric-LINONGI-1994-594x1024.jpg 594w, https:\/\/swisshrmed.ch\/wp-content\/uploads\/2025_10_14_Kee_Portraitbild-Eric-LINONGI-1994-768x1324.jpg 768w, https:\/\/swisshrmed.ch\/wp-content\/uploads\/2025_10_14_Kee_Portraitbild-Eric-LINONGI-1994-891x1536.jpg 891w, https:\/\/swisshrmed.ch\/wp-content\/uploads\/2025_10_14_Kee_Portraitbild-Eric-LINONGI-1994-7x12.jpg 7w\" sizes=\"auto, (max-width: 928px) 100vw, 928px\" alt=\"profil image\"><\/div>\n\t<\/div><\/figure>\n\n<\/div>\n<\/div>\n<\/div>\n<\/div>\n<\/div>    <\/article>\n    <article class=\"bde-loop-item ee-post\">\n        <div class=\"bde-div-136-100-1617-136-1 bde-div bde-div-136-100\">\n  \n  \n\t\n\n\n\n<div class=\"bde-div-136-115-1617-136-1 bde-div bde-div-136-115\">\n  \n  \n\t\n\n\n\n<div class=\"bde-div-136-114-1617-136-1 bde-div bde-div-136-114\">\n  \n  \n\t\n\n\n\n<div class=\"bde-code-block-136-101-1617-136-1 bde-code-block bde-code-block-136-101\">\n\n  <div class=\"star-container\"><img decoding=\"async\" src=\"https:\/\/swisshrmed.ch\/wp-content\/uploads\/star-solid-yellow.svg\" alt=\"star-full\"><img decoding=\"async\" src=\"https:\/\/swisshrmed.ch\/wp-content\/uploads\/star-solid-yellow.svg\" alt=\"star-full\"><img decoding=\"async\" src=\"https:\/\/swisshrmed.ch\/wp-content\/uploads\/star-solid-yellow.svg\" alt=\"star-full\"><img decoding=\"async\" src=\"https:\/\/swisshrmed.ch\/wp-content\/uploads\/star-solid-yellow.svg\" alt=\"star-full\"><img decoding=\"async\" src=\"https:\/\/swisshrmed.ch\/wp-content\/uploads\/star-solid-yellow.svg\" alt=\"star-full\"><\/div>\n\n\n<\/div><a class=\"bde-container-link-136-103-1617-136-1 bde-container-link bde-container-link-136-103 breakdance-link\" href=\"#\" target=\"_self\">\n  \n  \n\t\n\n\n\n<div class=\"bde-text-136-104-1617-136-1 bde-text bde-text-136-104\">\nSp\u00e9cialiste\n<\/div>\n\n<\/a><div class=\"bde-text-136-105-1617-136-1 bde-text bde-text-136-105\">\n<p>Swiss HRmed m'a beaucoup aid\u00e9 dans ma recherche d'emploi. L'\u00e9quipe est professionnelle, sympathique et efficace. Ils ont de bons contacts avec les h\u00f4pitaux et avec leur aide, j'ai rapidement trouv\u00e9 un emploi. Je recommande vivement Swiss HRmed.<\/p>\n\n<\/div>\n<\/div><div class=\"bde-div-136-106-1617-136-1 bde-div bde-div-136-106\">\n  \n  \n\t\n\n\n\n<div class=\"bde-div-136-110-1617-136-1 bde-div bde-div-136-110\">\n  \n  \n\t\n\n\n\n<div class=\"bde-text-136-107-1617-136-1 bde-text bde-text-136-107\">\n\n<\/div><h6 class=\"bde-heading-136-112-1617-136-1 bde-heading bde-heading-136-112\">\nNiina\n<\/h6><div class=\"bde-text-136-113-1617-136-1 bde-text bde-text-136-113\">\nInfirmi\u00e8re\n<\/div>\n<\/div><div class=\"bde-div-136-111-1617-136-1 bde-div bde-div-136-111\">\n  \n  \n\t\n\n\n\n<div class=\"bde-image-136-109-1617-136-1 bde-image bde-image-136-109\">\n<figure class=\"breakdance-image breakdance-image--1618\">\n\t<div class=\"breakdance-image-container\">\n\t\t<div class=\"breakdance-image-clip\"><img loading=\"lazy\" decoding=\"async\" class=\"breakdance-image-object\" src=\"https:\/\/swisshrmed.ch\/wp-content\/uploads\/image-150x150.webp\" width=\"150\" height=\"150\" srcset=\"https:\/\/swisshrmed.ch\/wp-content\/uploads\/image.webp 331w, https:\/\/swisshrmed.ch\/wp-content\/uploads\/image-296x300.webp 296w, https:\/\/swisshrmed.ch\/wp-content\/uploads\/image-12x12.webp 12w\" sizes=\"auto, (max-width: 331px) 100vw, 331px\" alt=\"profil image\"><\/div>\n\t<\/div><\/figure>\n\n<\/div>\n<\/div>\n<\/div>\n<\/div>\n<\/div>    <\/article>\n<\/div>\r\n<\/div><div class=\"bde-button-29-156 bde-button\">\n    \n                        \n                        \n    \n    \n    \n    \n            \n                    \n            \n            \n\n    \n    \n    \n    \n    \n    <a class=\"breakdance-link button-atom button-atom--text bde-button__button\" href=\"\/fr\/stories\/\" target=\"_self\" data-type=\"url\"  >\n\n    \n        <span class=\"button-atom__text\">Lire plus de stories<\/span>\n\n        \n                    \n    <span class=\"button-atom__icon-wrapper\">\n\n        \n            <svg class=\"un-arrow-icon\" xmlns=\"http:\/\/www.w3.org\/2000\/svg\" width=\"32\" height=\"32\" viewbox=\"0 0 32 32\">\n                <g fill=\"none\" stroke-width=\"1.9\" stroke-linejoin=\"round\" stroke-miterlimit=\"10\">\n                    <circle class=\"un-arrow-icon_circle\" cx=\"16\" cy=\"16\" r=\"15.12\"><\/circle>\n                    <path class=\"un-arrow-icon_arrow\" d=\"M16.14 9.93L22.21 16l-6.07 6.07M8.23 16h13.98\"><\/path>\n                <\/g>\n            <\/svg>\n\n        \n    <\/span>\n\n\n        \n                <\/a>\n\n    \n\n\n<\/div><\/div>\n<\/section>","protected":false},"excerpt":{"rendered":"<p>Services Sprachkonzept Home Das Sprachkonzept Lingua sorgt f\u00fcr kontinuierliche, mittel -und langfristige Personalgewinnung von hoch qualifiziertem, medizinischem Fachpersonal Das Swiss HRmed Sprachkonzept Lingua ist die langfristige L\u00f6sung f\u00fcr Ihr Personalproblem. Durch unsere jahrelange Erfahrung in der Rekrutierung und Vermittlung von hoch qualifiziertem, medizinischem Fachpersonal, mehrheitlich aus dem Ausland, helfen wir innovativ, Ihre Personalplanung zu stabilisieren, [&hellip;]<\/p>\n","protected":false},"author":1,"featured_media":741,"parent":0,"menu_order":0,"comment_status":"closed","ping_status":"closed","template":"","meta":{"_acf_changed":false,"_breakdance_hide_in_design_set":false,"_breakdance_tags":"","footnotes":""},"class_list":["post-29","page","type-page","status-publish","has-post-thumbnail","hentry"],"acf":[],"_links":{"self":[{"href":"https:\/\/swisshrmed.ch\/fr\/wp-json\/wp\/v2\/pages\/29","targetHints":{"allow":["GET"]}}],"collection":[{"href":"https:\/\/swisshrmed.ch\/fr\/wp-json\/wp\/v2\/pages"}],"about":[{"href":"https:\/\/swisshrmed.ch\/fr\/wp-json\/wp\/v2\/types\/page"}],"author":[{"embeddable":true,"href":"https:\/\/swisshrmed.ch\/fr\/wp-json\/wp\/v2\/users\/1"}],"replies":[{"embeddable":true,"href":"https:\/\/swisshrmed.ch\/fr\/wp-json\/wp\/v2\/comments?post=29"}],"version-history":[{"count":11,"href":"https:\/\/swisshrmed.ch\/fr\/wp-json\/wp\/v2\/pages\/29\/revisions"}],"predecessor-version":[{"id":895,"href":"https:\/\/swisshrmed.ch\/fr\/wp-json\/wp\/v2\/pages\/29\/revisions\/895"}],"wp:featuredmedia":[{"embeddable":true,"href":"https:\/\/swisshrmed.ch\/fr\/wp-json\/wp\/v2\/media\/741"}],"wp:attachment":[{"href":"https:\/\/swisshrmed.ch\/fr\/wp-json\/wp\/v2\/media?parent=29"}],"curies":[{"name":"wp","href":"https:\/\/api.w.org\/{rel}","templated":true}]}}